{"id":4,"date":"2021-01-11T17:10:27","date_gmt":"2021-01-11T16:10:27","guid":{"rendered":"http:\/\/buergerinitiative-region-staebelow.de\/?page_id=4"},"modified":"2026-01-26T17:25:17","modified_gmt":"2026-01-26T16:25:17","slug":"startseite","status":"publish","type":"page","link":"http:\/\/heimatverein-staebelow.de\/","title":{"rendered":"&#8211; Heimatverein St\u00e4below &#8211;"},"content":{"rendered":"<h5><\/h5>\r\n\r\n\r\n\r\n<h2 style=\"text-align: center;\"><span style=\"color: #000000;\">Ein herzliches Willkommen auf unserer Internetseite .<\/span><\/h2>\r\n<p>&nbsp;<\/p>\r\n<h3 style=\"text-align: center;\"><a href=\"http:\/\/heimatverein-staebelow.de\/wp-content\/uploads\/2023\/03\/Plakat-30-Jahre-Heimatverein-Staebelow.pdf\"><em><strong><span style=\"color: #ff0000;\">1993 -2023\u00a0\u00a0\u00a0\u00a0 <\/span><\/strong><\/em><em><strong><span style=\"color: #ff0000;\">30 Jahre Heimatverein St\u00e4below e. V.<\/span><\/strong><\/em><\/a><\/h3>\r\n<h4 style=\"text-align: center;\">Bliesekow <span style=\"color: #ff0000;\">758<\/span>\u00a0Jahre\u00a0 &#8211;\u00a0 St\u00e4below <span style=\"color: #ff0000;\">834<\/span>\u00a0Jahre\u00a0 &#8211;\u00a0 Wilsen <span style=\"color: #ff0000;\">849 <\/span>Jahre<\/h4>\r\n<p>&nbsp;<\/p>\r\n<h3 style=\"text-align: center;\"><span style=\"color: #0000ff;\"><em>Heimat ist da, wo man sich nicht erkl\u00e4ren muss.\u00a0<\/em><\/span><\/h3>\r\n<blockquote>\r\n<h6 style=\"text-align: center;\">\u00a0\u00a0\u00a0\u00a0\u00a0\u00a0\u00a0\u00a0\u00a0\u00a0\u00a0\u00a0\u00a0\u00a0\u00a0\u00a0\u00a0\u00a0\u00a0\u00a0\u00a0\u00a0\u00a0\u00a0\u00a0\u00a0\u00a0\u00a0\u00a0\u00a0\u00a0\u00a0\u00a0\u00a0\u00a0\u00a0\u00a0\u00a0\u00a0\u00a0\u00a0\u00a0\u00a0\u00a0\u00a0\u00a0\u00a0\u00a0\u00a0\u00a0\u00a0\u00a0\u00a0\u00a0\u00a0\u00a0\u00a0\u00a0\u00a0\u00a0\u00a0\u00a0\u00a0\u00a0\u00a0\u00a0\u00a0\u00a0\u00a0\u00a0\u00a0\u00a0\u00a0\u00a0\u00a0\u00a0\u00a0\u00a0\u00a0\u00a0\u00a0\u00a0\u00a0\u00a0\u00a0\u00a0\u00a0\u00a0\u00a0\u00a0\u00a0\u00a0\u00a0\u00a0 \u00a0 \u00a0 \u00a0\u00a0 \u00a0\u00a0\u00a0\u00a0<span style=\"color: #3366ff;\">\u00a0 Johann Gottfried Herder<\/span><\/h6>\r\n<h3 style=\"text-align: center;\"><span style=\"color: #0000ff;\">\u00a0 Heimat is dar, wo een sik nich verklaren mutt.<\/span><\/h3>\r\n<\/blockquote>\r\n\r\n\r\n\r\n\r\n\r\n\r\n\r\n\r\n\r\n\r\n\r\n<figure class=\"wp-block-image\"><a href=\"https:\/\/i0.wp.com\/heimatverein-staebelow.de\/wp-content\/uploads\/2021\/01\/Staebelow-1712-Kopie.jpg\"><img data-recalc-dims=\"1\" loading=\"lazy\" decoding=\"async\" class=\"alignnone wp-image-3689 size-full\" src=\"https:\/\/i0.wp.com\/heimatverein-staebelow.de\/wp-content\/uploads\/2021\/01\/Staebelow-1712-Kopie.jpg?resize=604%2C496\" alt=\"\" width=\"604\" height=\"496\" srcset=\"https:\/\/i0.wp.com\/heimatverein-staebelow.de\/wp-content\/uploads\/2021\/01\/Staebelow-1712-Kopie.jpg?w=1492 1492w, https:\/\/i0.wp.com\/heimatverein-staebelow.de\/wp-content\/uploads\/2021\/01\/Staebelow-1712-Kopie.jpg?resize=300%2C247 300w, https:\/\/i0.wp.com\/heimatverein-staebelow.de\/wp-content\/uploads\/2021\/01\/Staebelow-1712-Kopie.jpg?resize=1150%2C945 1150w, https:\/\/i0.wp.com\/heimatverein-staebelow.de\/wp-content\/uploads\/2021\/01\/Staebelow-1712-Kopie.jpg?resize=768%2C631 768w, https:\/\/i0.wp.com\/heimatverein-staebelow.de\/wp-content\/uploads\/2021\/01\/Staebelow-1712-Kopie.jpg?w=1208 1208w\" sizes=\"auto, (max-width: 604px) 100vw, 604px\" \/><\/a><\/figure>\r\n\r\n\r\n\r\n<h3 class=\"wp-block-heading\" style=\"text-align: center;\"><span style=\"color: #ff9900;\"><span style=\"color: #0000ff;\"><strong>Wie\u00a0 \u201eAlles\u201c\u00a0 begann,\u00a0 vom *VUND*\u00a0 zum\u00a0 Heimatverein\u00a0\u00a0 St\u00e4below e. V.<\/strong><\/span><\/span><\/h3>\r\n\r\n\r\n\r\n<p style=\"text-align: center;\"><span style=\"color: #0000ff;\"><strong>* <\/strong>Verein f\u00fcr Umwelt, Natur- und Dorferneuerung St\u00e4below e. V.<\/span><\/p>\r\n\r\n\r\n\r\n<div class=\"wp-block-image\" style=\"text-align: left;\">\r\n<figure><\/figure>\r\n<figure class=\"aligncenter\"><a href=\"https:\/\/i0.wp.com\/heimatverein-staebelow.de\/wp-content\/uploads\/2021\/01\/Logo_bunt-Kopie-e1610280420308.jpg\"><img data-recalc-dims=\"1\" loading=\"lazy\" decoding=\"async\" class=\"alignleft wp-image-3611 size-medium\" src=\"https:\/\/i0.wp.com\/heimatverein-staebelow.de\/wp-content\/uploads\/2021\/01\/Logo_bunt-Kopie.jpg?resize=300%2C145\" alt=\"\" width=\"300\" height=\"145\" \/><\/a><a href=\"http:\/\/buergerinitiative-region-staebelow.de\/wp-content\/uploads\/2021\/01\/Logo-Heimatverein-neu-e1610280480339.jpg\"> \u00a0\u00a0\u00a0\u00a0\u00a0 \u00a0 \u00a0 \u00a0\u00a0\u00a0\u00a0\u00a0\u00a0 \u00a0 \u00a0 \u00a0\u00a0 \u00a0\u00a0\u00a0 <\/a><a href=\"https:\/\/i0.wp.com\/heimatverein-staebelow.de\/wp-content\/uploads\/2021\/01\/Logo-Heimatverein-neu-e1610280480339.jpg\"><img data-recalc-dims=\"1\" loading=\"lazy\" decoding=\"async\" class=\"alignnone wp-image-3612\" src=\"https:\/\/i0.wp.com\/heimatverein-staebelow.de\/wp-content\/uploads\/2021\/01\/Logo-Heimatverein-neu.jpg?resize=192%2C145\" alt=\"\" width=\"192\" height=\"145\" \/><\/a><\/figure>\r\n<\/div>\r\n\r\n\r\n\r\n\r\n\r\n<p style=\"text-align: justify;\">Der Heimatverein St\u00e4below e.V. ist ein Zusammenschluss von B\u00fcrgerinnen und B\u00fcrger der Orte Bliesekow, St\u00e4below, Wilsen und der n\u00e4heren \u00f6rtlichen Umgebung. Der Verein hat es sich zur Aufgabe gemacht, Traditionelles und Historisches in die Gegenwart zu \u00fcbertragen und f\u00fcr nachfolgende Generationen zu bewahren. Dabei steht das fr\u00f6hliche Miteinander der Generationen immer im Vordergrund. \u201eAus Tradition gemeinsam Zukunft gestalten\u201c &#8211; so lautet das Ziel des Vereins. Dass ein Heimatverein nicht f\u00fcr \u00fcberholte Ansichten und\/oder verkrustete Strukturen stehen muss, davon kann man sich gerne bei einer der zahlreichen Veranstaltungen selbst \u00fcberzeugen.<\/p>\r\n<p style=\"text-align: justify;\"><span style=\"color: #0000ff;\">Un hier de Inleiden op Plattd\u00fc\u00fctsch:<\/span><\/p>\r\n<p style=\"text-align: justify;\"><span style=\"color: #0000ff;\">De Heimatvereen St\u00e4below e.V. is en Tosommensluss vun B\u00f6rgerinnen un B\u00f6rgersl\u00fc\u00fcd vun de \u00d6\u00f6rd Bliesekow, St\u00e4below, Wilsen un de neegsten \u00f6rtlichen \u00dcmgegend. Dorbi steiht dat fr\u00f6h mitenanner vun de Generatschonen \u00fcmmer in&#8216; V\u00f6rdergrund. \u201eUt Traditschoon gemeensam Tokunft gestalten\u201c \u2013 so is dat Teel vun de Vereen. Dat en Heimatvereen nich f\u00f6r \u00f6verdrapen Ansichten un\/oder verkruste Strukturen stahn mutt, dar kann man s\u00fcck geern bi een vun de tallriek Veranstaltungen s\u00fclvst \u00f6vert\u00fcgen.<\/span><\/p>\r\n\r\n\r\n\r\n<p style=\"text-align: justify;\">Seit der politischen Wende 1990 hat sich der Charakter der Gemeinde stark ver\u00e4ndert. In den Wohngebieten \u201eL\u00fctt Eck\u201c, \u201eGrot Eck\u201c, \u201eLang Berg\u201c und \u201eWaldblick\u201c sind zahlreiche Einfamilienh\u00e4user entstanden. \u00dcber 50 Gewerbebetriebe sind in der Gemeinde angesiedelt. Durch die N\u00e4he zur Hafen- und Hansestadt Rostock ist die Gemeinde zu einem bevorzugten Wohnstandort der Rostocker geworden. Die Einwohnerzahl stieg in den Jahren nach 1990 von 547 (31.12.1990) auf 1405 (31.12.2019). Im Oktober 1993 wurde auf Initiative des damaligen B\u00fcrgermeisters von St\u00e4below, Herrn Manfred Paul, und Herrn Horst Br\u00f6derst\u00f6rp \u2020 der VUND gegr\u00fcndet und am 1. November 1993 in das Vereinsregister eingetragen. Wirkungsbereich war das Amt Warnow West mit seinen 7 Gemeinden und insgesamt 26 D\u00f6rfern. Der Verein setzte sich f\u00fcr aktiven Natur- und Umweltschutz ein. Schwerpunkte waren die Erhaltung, Pflege und Gestaltung der Landschaft sowie der Biotop- und Artenschutz. Der Verein verband satzungsgem\u00e4\u00df Umweltschutzarbeit mit sozialen Aspekten.<\/p>\r\n<p style=\"text-align: justify;\">Ein wesentlicher Teil der Aufgaben wurde von Langzeitarbeitslosen und Sozialhilfe-empf\u00e4ngern im Rahmen von F\u00f6rderma\u00dfnahmen durchgef\u00fchrt. Der Verein war gemein-n\u00fctzig und wurde von einem ehrenamtlichen Vorstand geleitet. Bis Mai 2007 wurde auch die Chronik der Gemeinde St\u00e4below mit den Orten Bliesekoe, St\u00e4below und Wilsen erarbeitet und \u00fcber das Amt Warnow West herausgegeben. Dem Autorenteam sei an dieser Stelle herzlich gedankt, denn ohne Ihren Flei\u00df g\u00e4be es diese Chronik nicht. Zum Chronikteam geh\u00f6rten Frau Gertrud Bendin, Herr Ulrich Reuter \u2020, Horst Hofrichter, Horst Br\u00f6derst\u00f6rp \u2020, Ernst Reinke, Toni Reinke, Gustav Kr\u00f6pke \u2020 und Dieter Allwardt. Da ab 2007 keine mehrj\u00e4hrigen F\u00f6rderma\u00dfnahmen mehr bewilligt wurden und in den Gemeinden des Amtes Warnow West Bauh\u00f6fe gebildet wurden, musste ein neues Konzept f\u00fcr den Verein gefunden werden. Da der VUND die Brauchtumspflege und den Aufbau der Heimatstube in seinem Programm hatte, wurde beschlossen, den Verein unter dem Namen &#8222;Heimatverein St\u00e4below e. V.&#8220; weiterzuf\u00fchren. Seit Februar 2013 ist der Verein unter dem neuen Namen aktiv.<\/p>\r\n\r\n\r\n\r\n<p style=\"text-align: justify;\">Zum Vorstandsvorsitzenden wurde Herr Gustav Kr\u00f6pke (\u2020 2015) und zur stellvertretenden Vorsitzenden Frau Monika B\u00f6sener (\u2020 2019) gew\u00e4hlt. Nun galt es, die Bibliothek und Heimatstube personell und materiell aufzubauen. Dies war damals auf einer Fl\u00e4che von ca. 35 m\u00b2 im Obergeschoss unseres Gemeindehauses noch sehr beengt, aber m\u00f6glich. Die Bibliothek wurde von Frau Ursula Ri\u00dfe und Frau Barbara Voges\u2020 aufgebaut. Der damalige Vorsitzende des Heimatvereins, Herr Gustav Kr\u00f6pke \u2020, setzte sich aktiv f\u00fcr die Einrichtung der Heimatstube ein. In vielen Gespr\u00e4chen zwischen dem Heimatverein und den B\u00fcrgermeistern Toni Reinke (2011) und ab 2014 Hans Werner Bull wurde die Notwendigkeit der Sanierung des oberen Bereiches des Gemeindehauses zum Ausdruck gebracht. Auch diese Gespr\u00e4che f\u00fchrten zum Erfolg und so wurde von 2017 bis Oktober 2018 das Obergeschoss ausgebaut. Dort befinden sich nun die Bibliothek mit 31 m\u00b2, die Heimatstube mit 41 m\u00b2 und ein Gemeindesaal mit 23 m\u00b2. In diesen Gespr\u00e4chen setzte sich die damalige Vereinsvorsitzende Frau Monika B\u00f6sener \u2020 sehr f\u00fcr die Belange des Heimatvereins St\u00e4below e. V. als zuk\u00fcnftigen Nutzer der R\u00e4umlichkeiten ein. Im Januar 2019 wurde auf der Mitgliederversammlung die vorliegende neue Satzung beschlossen. Ausschlaggebend daf\u00fcr waren rechtliche und gemeinn\u00fctzige Belange sowie die Digitalisierung mit Datenschutzrichtlinien. Auch ein neues Logo wurde von Herrn Rainer Zschoch (Fotochronist) entworfen, welches seitdem das Briefpapier des Vereins ziert und f\u00fcr jegliche \u00d6ffentlichkeitsarbeit genutzt wird.<\/p>\r\n\r\n\r\n\r\n<p style=\"text-align: justify;\">Der Heimatverein St\u00e4below e. V. und die B\u00fcrgerinitiative Region St\u00e4below e. V. haben erkannt, dass sie mit \u00e4hnlichen Problemen wie Mitgliederschwund, Altersdurchschnitt und zukunftsorientierter Umsetzung der Vereinsziele zu k\u00e4mpfen haben. Und sie haben eine gro\u00dfartige Idee entwickelt, um diese Herausforderungen zu meistern: eine Fusion beider Vereine! Im Dezember 2019 war es dann endlich so weit: Die Mitgliederversammlungen beider Vereine beauftragten die Vorst\u00e4nde, die Vorgehensweise zu pr\u00fcfen und einen Vertrag auszuarbeiten. Diese Zielsetzung war der erste Schritt auf dem Weg zu unserem gro\u00dfen Ziel: Wir wollten genau wissen, was wir erreichen wollten und vor allem auch, wie wir es erreichen konnten. Wir haben es geschafft! In mehreren definierten Schritten sind wir nun am Ziel angekommen. Die Vorst\u00e4nde beider Vereine haben sich Gedanken gemacht, wie das Ziel erreicht werden kann, und haben auf der Grundlage der Ergebnisse der Befragung Entscheidungen getroffen, die den Weg in eine aufregende Zukunft ebnen! Die BIRS wird sich satzungsgem\u00e4\u00df aufl\u00f6sen und die Mitglieder k\u00f6nnen, wenn sie wollen, in den Heimatverein eintreten und sich aktiv in der Arbeitsgruppe Naturschutz einbringen. Das ist eine gro\u00dfartige Neuigkeit! Denn damit ist das Ziel, die Mitgliederzahl zu erh\u00f6hen und durch den Zusammenschluss eine st\u00e4rkere F\u00f6rderung des Vereinszwecks zu erreichen, erreicht. Und das Beste daran ist: Die bisherige jahrelange Arbeit der ehemaligen BIRS-Mitglieder war nicht umsonst!<\/p>\r\n\r\n\r\n\r\n<h6 style=\"text-align: left;\"><a href=\"http:\/\/heimatverein-staebelow.de\/wp-content\/uploads\/2021\/01\/Der-Heimatverein-Staebelow-stellt-sich-folgende-Ziele.pdf\"><span style=\"color: #ff0000;\"><strong><em>Die heutigen Ziele des Heimatvereins k\u00f6nnen Sie hier nachlesen\u00a0 \u2026\u2026..<\/em><\/strong><\/span><\/a><\/h6>\r\n\r\n\r\n\r\n<h2 class=\"wp-block-heading\" style=\"text-align: left;\"><strong><span style=\"color: #ff0000;\">\u00a0<\/span><\/strong><\/h2>\r\n\r\n\r\n<hr class=\"wp-block-separator\" \/>\r\n\r\n\r\n<p style=\"text-align: left;\">\u00a0<\/p>\r\n<div class=\"twoclick_social_bookmarks_post_4 social_share_privacy clearfix 1.6.4 locale-de_DE sprite-de_DE\"><\/div><div class=\"twoclick-js\"><script type=\"text\/javascript\">\/* <![CDATA[ *\/\njQuery(document).ready(function($){if($('.twoclick_social_bookmarks_post_4')){$('.twoclick_social_bookmarks_post_4').socialSharePrivacy({\"txt_help\":\"Wenn Sie diese Felder durch einen Klick aktivieren, werden Informationen an Facebook, Twitter, Flattr, Xing, t3n, LinkedIn, Pinterest oder Google eventuell ins Ausland \\u00fcbertragen und unter Umst\\u00e4nden auch dort gespeichert. N\\u00e4heres erfahren Sie durch einen Klick auf das <em>i<\\\/em>.\",\"settings_perma\":\"Dauerhaft aktivieren und Daten\\u00fcber-tragung zustimmen:\",\"info_link\":\"http:\\\/\\\/www.heise.de\\\/ct\\\/artikel\\\/2-Klicks-fuer-mehr-Datenschutz-1333879.html\",\"uri\":\"http:\\\/\\\/heimatverein-staebelow.de\\\/\",\"post_id\":4,\"post_title_referrer_track\":\"%26%238211%3B+Heimatverein+St%C3%A4below+%26%238211%3B\",\"display_infobox\":\"on\"});}});\n\/* ]]> *\/<\/script><\/div>","protected":false},"excerpt":{"rendered":"<p>Ein herzliches Willkommen auf unserer Internetseite . &nbsp; 1993 -2023\u00a0\u00a0\u00a0\u00a0 30 Jahre Heimatverein St\u00e4below e. V. Bliesekow 758\u00a0Jahre\u00a0 &#8211;\u00a0 St\u00e4below 834\u00a0Jahre\u00a0 &#8211;\u00a0 Wilsen 849 Jahre &nbsp; Heimat ist da, wo man sich nicht erkl\u00e4ren muss.\u00a0 \u00a0\u00a0\u00a0\u00a0\u00a0\u00a0\u00a0\u00a0\u00a0\u00a0\u00a0\u00a0\u00a0\u00a0\u00a0\u00a0\u00a0\u00a0\u00a0\u00a0\u00a0\u00a0\u00a0\u00a0\u00a0\u00a0\u00a0\u00a0\u00a0\u00a0\u00a0\u00a0\u00a0\u00a0\u00a0\u00a0\u00a0\u00a0\u00a0\u00a0\u00a0\u00a0\u00a0\u00a0\u00a0\u00a0\u00a0\u00a0\u00a0\u00a0\u00a0\u00a0\u00a0\u00a0\u00a0\u00a0\u00a0\u00a0\u00a0\u00a0\u00a0\u00a0\u00a0\u00a0\u00a0\u00a0\u00a0\u00a0\u00a0\u00a0\u00a0\u00a0\u00a0\u00a0\u00a0\u00a0\u00a0\u00a0\u00a0\u00a0\u00a0\u00a0\u00a0\u00a0\u00a0\u00a0\u00a0\u00a0\u00a0\u00a0\u00a0\u00a0\u00a0\u00a0 \u00a0 \u00a0 \u00a0\u00a0 \u00a0\u00a0\u00a0\u00a0\u00a0 Johann Gottfried Herder \u00a0 Heimat is dar, wo een sik nich verklaren mutt. Wie\u00a0 \u201eAlles\u201c\u00a0 &hellip; <a href=\"http:\/\/heimatverein-staebelow.de\/\" class=\"more-link\"><span class=\"screen-reader-text\">&#8211; Heimatverein St\u00e4below &#8211;<\/span> weiterlesen <span class=\"meta-nav\">&rarr;<\/span><\/a><\/p>\n","protected":false},"author":2,"featured_media":0,"parent":0,"menu_order":0,"comment_status":"closed","ping_status":"closed","template":"","meta":{"footnotes":""},"class_list":["post-4","page","type-page","status-publish","hentry"],"jetpack_sharing_enabled":true,"_links":{"self":[{"href":"http:\/\/heimatverein-staebelow.de\/index.php?rest_route=\/wp\/v2\/pages\/4","targetHints":{"allow":["GET"]}}],"collection":[{"href":"http:\/\/heimatverein-staebelow.de\/index.php?rest_route=\/wp\/v2\/pages"}],"about":[{"href":"http:\/\/heimatverein-staebelow.de\/index.php?rest_route=\/wp\/v2\/types\/page"}],"author":[{"embeddable":true,"href":"http:\/\/heimatverein-staebelow.de\/index.php?rest_route=\/wp\/v2\/users\/2"}],"replies":[{"embeddable":true,"href":"http:\/\/heimatverein-staebelow.de\/index.php?rest_route=%2Fwp%2Fv2%2Fcomments&post=4"}],"version-history":[{"count":317,"href":"http:\/\/heimatverein-staebelow.de\/index.php?rest_route=\/wp\/v2\/pages\/4\/revisions"}],"predecessor-version":[{"id":5714,"href":"http:\/\/heimatverein-staebelow.de\/index.php?rest_route=\/wp\/v2\/pages\/4\/revisions\/5714"}],"wp:attachment":[{"href":"http:\/\/heimatverein-staebelow.de\/index.php?rest_route=%2Fwp%2Fv2%2Fmedia&parent=4"}],"curies":[{"name":"wp","href":"https:\/\/api.w.org\/{rel}","templated":true}]}}